{"id":25030,"date":"2024-04-08T13:30:20","date_gmt":"2024-04-08T11:30:20","guid":{"rendered":"https:\/\/barockundklassik.com\/event\/lehrgang-working-equitation-27-bis-28-04-2024\/"},"modified":"2025-12-30T12:59:06","modified_gmt":"2025-12-30T11:59:06","slug":"curso-de-equitacion-de-trabajo-27-y-28-de-abril-2024","status":"publish","type":"tribe_events","link":"https:\/\/barockundklassik.com\/es\/event\/curso-de-equitacion-de-trabajo-27-y-28-de-abril-2024\/","title":{"rendered":"Curso de equitaci\u00f3n de trabajo 27 y 28 de Abril 2025"},"content":{"rendered":"<p>El 27 y 28 de Abril 2025 tendr\u00e1 lugar en el centro ecuestre Rietbrock de Sottrum un curso bajo la direcci\u00f3n de Anika Bardenhagen en el \u00e1mbito de la Equitaci\u00f3n de Trabajo para jinetes principiantes hasta experimentados.<\/p>\n<p>Anika Bardenhagen tiene \u00e9xito en el \u00e1mbito de la equitaci\u00f3n de trabajo hasta la clase M y posee el certificado de entrenador B barroco cl\u00e1sico y es administradora de caballos especializada en equitaci\u00f3n.<\/p>\n<p>Estamos encantados de que ofrezca este curso en nuestros establos.<\/p>\n<p>Por favor, reg\u00edstrese ahora directamente a Anja Rietbrock a trav\u00e9s de WhatsApp 0172 24 20 434<\/p>\n<hr \/>\n<p><a href=\"https:\/\/barockundklassik.com\/wp-content\/uploads\/2024\/04\/workingequitation2025.jpeg\"><img loading=\"lazy\" decoding=\"async\" class=\"alignnone wp-image-30423 size-thumbnail\" src=\"https:\/\/barockundklassik.com\/wp-content\/uploads\/2024\/04\/workingequitation2025-320x250.jpeg\" alt=\"\" width=\"320\" height=\"250\" title=\"\"><\/a><\/p>\n<hr \/>\n<p>&nbsp;<\/p>\n","protected":false},"excerpt":{"rendered":"<p>El 27 y 28 de Abril 2025 tendr\u00e1 lugar en el centro ecuestre Rietbrock de Sottrum un curso bajo la direcci\u00f3n de Anika Bardenhagen en el \u00e1mbito de la Equitaci\u00f3n de Trabajo para jinetes principiantes hasta experimentados. Anika Bardenhagen tiene \u00e9xito en el \u00e1mbito de la equitaci\u00f3n de trabajo hasta la clase M y posee el certificado de entrenador B barroco cl\u00e1sico y es administradora de caballos especializada en equitaci\u00f3n. Estamos encantados de que ofrezca este curso en nuestros establos. Por favor, reg\u00edstrese ahora directamente a Anja Rietbrock a trav\u00e9s de WhatsApp 0172 24 20 434 &nbsp;<\/p>\n","protected":false},"author":1,"featured_media":25023,"template":"","meta":{"_tribe_events_status":"","_tribe_events_status_reason":"","footnotes":""},"tags":[],"tribe_events_cat":[],"class_list":["post-25030","tribe_events","type-tribe_events","status-publish","has-post-thumbnail","hentry"],"_links":{"self":[{"href":"https:\/\/barockundklassik.com\/es\/wp-json\/wp\/v2\/tribe_events\/25030","targetHints":{"allow":["GET"]}}],"collection":[{"href":"https:\/\/barockundklassik.com\/es\/wp-json\/wp\/v2\/tribe_events"}],"about":[{"href":"https:\/\/barockundklassik.com\/es\/wp-json\/wp\/v2\/types\/tribe_events"}],"author":[{"embeddable":true,"href":"https:\/\/barockundklassik.com\/es\/wp-json\/wp\/v2\/users\/1"}],"version-history":[{"count":1,"href":"https:\/\/barockundklassik.com\/es\/wp-json\/wp\/v2\/tribe_events\/25030\/revisions"}],"predecessor-version":[{"id":30429,"href":"https:\/\/barockundklassik.com\/es\/wp-json\/wp\/v2\/tribe_events\/25030\/revisions\/30429"}],"wp:featuredmedia":[{"embeddable":true,"href":"https:\/\/barockundklassik.com\/es\/wp-json\/wp\/v2\/media\/25023"}],"wp:attachment":[{"href":"https:\/\/barockundklassik.com\/es\/wp-json\/wp\/v2\/media?parent=25030"}],"wp:term":[{"taxonomy":"post_tag","embeddable":true,"href":"https:\/\/barockundklassik.com\/es\/wp-json\/wp\/v2\/tags?post=25030"},{"taxonomy":"tribe_events_cat","embeddable":true,"href":"https:\/\/barockundklassik.com\/es\/wp-json\/wp\/v2\/tribe_events_cat?post=25030"}],"curies":[{"name":"wp","href":"https:\/\/api.w.org\/{rel}","templated":true}]}}