{"id":29549,"date":"2025-07-31T22:13:26","date_gmt":"2025-07-31T20:13:26","guid":{"rendered":"https:\/\/barockundklassik.com\/event\/dressurtraining-mit-anja-rietbrock\/"},"modified":"2025-12-30T13:04:06","modified_gmt":"2025-12-30T12:04:06","slug":"entrenamiento-de-doma-con-anja-rietbrock","status":"publish","type":"tribe_events","link":"https:\/\/barockundklassik.com\/es\/event\/entrenamiento-de-doma-con-anja-rietbrock\/","title":{"rendered":"Entrenamiento de doma con Anja Rietbrock"},"content":{"rendered":"<header>\n<h1 class=\"entry-title\">Entrenamiento de doma con Anja Rietbrock en el centro de formaci\u00f3n de Verden<\/h1>\n<\/header>\n<div class=\"entry-content\">\n<div class=\"accordion-content row\">\n<div class=\"wrap-txt col p-h-big--if-fullscreen\">\n<h3><strong>26\/27 de septiembre de 2025 en el centro de formaci\u00f3n de Verden Entrenamiento de doma con entrenamiento de cavaletti<\/strong><\/h3>\n<p>Por primera vez, el centro de formaci\u00f3n de Verden ofrece un curso con la reconocida instructora Anja Rietbrock. Realiz\u00f3 su aprendizaje con Hans-Heinrich Meyer zu Strohen. Otros instructores fueron Fritz Ligges, Peter Luther y Uwe Schulten-Baumer. A continuaci\u00f3n, obtuvo \u00e9xitos en competiciones hasta la clase S en doma y salto. En ambas disciplinas fue galardonada con la insignia de oro de equitaci\u00f3n.<\/p>\n<p>El entrenamiento de doma incluye el trabajo con cavaletti. Se trata de un m\u00e9todo eficaz de entrenamiento de caballos que no solo fomenta la forma f\u00edsica, sino que tambi\u00e9n mejora la coordinaci\u00f3n y el sentido del equilibrio, as\u00ed como la concentraci\u00f3n mental y la motivaci\u00f3n.<\/p>\n<p>El curso est\u00e1 abierto a todos. Las clases (45 minutos) se imparten de forma individual.<\/p>\n<p>Fecha: 26\/27 de septiembre de 2025.<br \/>\nLugar: Centro de formaci\u00f3n de Verden.<br \/>\nPrecio: 135 euros, incluido el uso de las instalaciones.<br \/>\nOtros: los miembros y socios de la Asociaci\u00f3n Hannoveriana obtienen un descuento del 10 %.<\/p>\n<p>Se pueden reservar boxes en las instalaciones de la calle Lindhooper Stra\u00dfe. Se pueden elegir los horarios de equitaci\u00f3n. El programa del curso de formaci\u00f3n (2 unidades did\u00e1cticas) se dar\u00e1 a conocer con la debida antelaci\u00f3n.<\/p>\n<p>Informaci\u00f3n e inscripci\u00f3n: Asociaci\u00f3n Hannoveriana, Britta Z\u00fcngel, tel.: 0 42 31\/67 37 33, correo electr\u00f3nico: bzuengel(at)hannoveraner.com<\/p>\n<hr \/>\n<p>&nbsp;<\/p>\n<\/div>\n<\/div>\n<\/div>\n","protected":false},"excerpt":{"rendered":"<p>Entrenamiento de doma con Anja Rietbrock en el centro de formaci\u00f3n de Verden 26\/27 de septiembre de 2025 en el centro de formaci\u00f3n de Verden Entrenamiento de doma con entrenamiento de cavaletti Por primera vez, el centro de formaci\u00f3n de Verden ofrece un curso con la reconocida instructora Anja Rietbrock. Realiz\u00f3 su aprendizaje con Hans-Heinrich Meyer zu Strohen. Otros instructores fueron Fritz Ligges, Peter Luther y Uwe Schulten-Baumer. A continuaci\u00f3n, obtuvo \u00e9xitos en competiciones hasta la clase S en doma y salto. En ambas disciplinas fue galardonada con la insignia de oro de equitaci\u00f3n. El entrenamiento de doma incluye el &hellip; <a href=\"https:\/\/barockundklassik.com\/es\/event\/entrenamiento-de-doma-con-anja-rietbrock\/\">Continued<\/a><\/p>\n","protected":false},"author":2,"featured_media":29527,"template":"","meta":{"_tribe_events_status":"","_tribe_events_status_reason":"","footnotes":""},"tags":[],"tribe_events_cat":[],"class_list":["post-29549","tribe_events","type-tribe_events","status-publish","has-post-thumbnail","hentry"],"_links":{"self":[{"href":"https:\/\/barockundklassik.com\/es\/wp-json\/wp\/v2\/tribe_events\/29549","targetHints":{"allow":["GET"]}}],"collection":[{"href":"https:\/\/barockundklassik.com\/es\/wp-json\/wp\/v2\/tribe_events"}],"about":[{"href":"https:\/\/barockundklassik.com\/es\/wp-json\/wp\/v2\/types\/tribe_events"}],"author":[{"embeddable":true,"href":"https:\/\/barockundklassik.com\/es\/wp-json\/wp\/v2\/users\/2"}],"version-history":[{"count":4,"href":"https:\/\/barockundklassik.com\/es\/wp-json\/wp\/v2\/tribe_events\/29549\/revisions"}],"predecessor-version":[{"id":30432,"href":"https:\/\/barockundklassik.com\/es\/wp-json\/wp\/v2\/tribe_events\/29549\/revisions\/30432"}],"wp:featuredmedia":[{"embeddable":true,"href":"https:\/\/barockundklassik.com\/es\/wp-json\/wp\/v2\/media\/29527"}],"wp:attachment":[{"href":"https:\/\/barockundklassik.com\/es\/wp-json\/wp\/v2\/media?parent=29549"}],"wp:term":[{"taxonomy":"post_tag","embeddable":true,"href":"https:\/\/barockundklassik.com\/es\/wp-json\/wp\/v2\/tags?post=29549"},{"taxonomy":"tribe_events_cat","embeddable":true,"href":"https:\/\/barockundklassik.com\/es\/wp-json\/wp\/v2\/tribe_events_cat?post=29549"}],"curies":[{"name":"wp","href":"https:\/\/api.w.org\/{rel}","templated":true}]}}